{"id":22,"date":"2024-02-03T23:07:50","date_gmt":"2024-02-03T22:07:50","guid":{"rendered":"https:\/\/agence31-architecte.fr\/?page_id=22"},"modified":"2025-06-24T17:37:54","modified_gmt":"2025-06-24T15:37:54","slug":"agence","status":"publish","type":"page","link":"https:\/\/agence31-architecte.fr\/?page_id=22","title":{"rendered":"Agence"},"content":{"rendered":"\n<p class=\"has-text-align-left has-medium-font-size\">Depuis 2016, Quentin Loof et son \u00e9quipe vous accompagnent avec passion et rigueur dans toutes vos op\u00e9rations de construction. Ils sont \u00e0 vos c\u00f4t\u00e9s pour esquisser, penser et d\u00e9velopper vos projets, de leur faisabilit\u00e9 \u00e0 leur r\u00e9alisation. Que se soit pour agrandir ou am\u00e9liorer votre logement principal, r\u00e9fl\u00e9chir \u00e0 vos c\u00f4t\u00e9s \u00e0 vos op\u00e9rations immobili\u00e8res ou penser vos lieux de travail (bureaux, cabinets m\u00e9dicaux, b\u00e2timents d&rsquo;activit\u00e9s\u2026), nous sommes pr\u00e9sents \u00e0 toutes les phases de la r\u00e9flexion (esquisse, chiffrage, permis de construire ou d\u00e9claration pr\u00e9alable, suivi de chantier\u2026).<\/p>\n\n\n\n<p class=\"has-medium-font-size\">Nos bureaux se situent dans l&rsquo;ancien site textile de la Filature \u00e0 Saint-Andr\u00e9-lez-Lille, au c\u0153ur d&rsquo;un site patrimonial exceptionnel, cr\u00e9atif et dynamique! Nous vous y accueillons avec plaisir pour discuter de vos projets.<\/p>\n\n\n<div class=\"wp-block-image\">\n<figure class=\"aligncenter size-large is-resized\"><img loading=\"lazy\" decoding=\"async\" width=\"1024\" height=\"768\" src=\"http:\/\/agence31-architecte.fr\/wp-content\/uploads\/2024\/03\/IMG_0158-1024x768.jpg\" alt=\"\" class=\"wp-image-261\" style=\"width:676px;height:auto\" srcset=\"https:\/\/agence31-architecte.fr\/wp-content\/uploads\/2024\/03\/IMG_0158-1024x768.jpg 1024w, https:\/\/agence31-architecte.fr\/wp-content\/uploads\/2024\/03\/IMG_0158-300x225.jpg 300w, https:\/\/agence31-architecte.fr\/wp-content\/uploads\/2024\/03\/IMG_0158-768x576.jpg 768w, https:\/\/agence31-architecte.fr\/wp-content\/uploads\/2024\/03\/IMG_0158-1536x1152.jpg 1536w, https:\/\/agence31-architecte.fr\/wp-content\/uploads\/2024\/03\/IMG_0158-2048x1536.jpg 2048w\" sizes=\"auto, (max-width: 1024px) 100vw, 1024px\" \/><\/figure>\n<\/div>\n\n\n<p><\/p>\n\n\n<div class=\"wp-block-image\">\n<figure class=\"aligncenter size-large is-resized\"><a href=\"https:\/\/www.instagram.com\/agence31architecte\/\"><img loading=\"lazy\" decoding=\"async\" width=\"1024\" height=\"1024\" src=\"https:\/\/agence31-architecte.fr\/wp-content\/uploads\/2024\/05\/insta2-1024x1024.jpg\" alt=\"\" class=\"wp-image-471\" style=\"aspect-ratio:1;object-fit:contain;width:250px\" srcset=\"https:\/\/agence31-architecte.fr\/wp-content\/uploads\/2024\/05\/insta2-1024x1024.jpg 1024w, https:\/\/agence31-architecte.fr\/wp-content\/uploads\/2024\/05\/insta2-300x300.jpg 300w, https:\/\/agence31-architecte.fr\/wp-content\/uploads\/2024\/05\/insta2-150x150.jpg 150w, https:\/\/agence31-architecte.fr\/wp-content\/uploads\/2024\/05\/insta2-768x768.jpg 768w, https:\/\/agence31-architecte.fr\/wp-content\/uploads\/2024\/05\/insta2.jpg 1240w\" sizes=\"auto, (max-width: 1024px) 100vw, 1024px\" \/><\/a><\/figure>\n<\/div>\n\n\n<p class=\"has-text-align-center\"><strong>Suivez nos derni\u00e8res actualit\u00e9s sur Instagram !<\/strong><\/p>\n\n\n\n<p><\/p>\n\n\n\n<p><\/p>\n\n\n\n<p><\/p>\n\n\n\n<p><\/p>\n\n\n\n<hr class=\"wp-block-separator has-alpha-channel-opacity\"\/>\n","protected":false},"excerpt":{"rendered":"<p>Depuis 2016, Quentin Loof et son \u00e9quipe vous accompagnent avec passion et rigueur dans toutes vos op\u00e9rations de construction. Ils sont \u00e0 vos c\u00f4t\u00e9s pour esquisser, penser et d\u00e9velopper vos projets, de leur faisabilit\u00e9 \u00e0 leur r\u00e9alisation. Que se soit pour agrandir ou am\u00e9liorer votre logement principal, r\u00e9fl\u00e9chir \u00e0 vos c\u00f4t\u00e9s \u00e0 vos op\u00e9rations immobili\u00e8res&hellip;&nbsp;<a href=\"https:\/\/agence31-architecte.fr\/?page_id=22\" class=\"\" rel=\"bookmark\">Lire la suite &raquo;<span class=\"screen-reader-text\">Agence<\/span><\/a><\/p>\n","protected":false},"author":1,"featured_media":0,"parent":0,"menu_order":0,"comment_status":"closed","ping_status":"closed","template":"","meta":{"neve_meta_sidebar":"","neve_meta_container":"","neve_meta_enable_content_width":"","neve_meta_content_width":0,"neve_meta_title_alignment":"","neve_meta_author_avatar":"","neve_post_elements_order":"","neve_meta_disable_header":"","neve_meta_disable_footer":"","neve_meta_disable_title":"","footnotes":""},"class_list":["post-22","page","type-page","status-publish","hentry"],"_links":{"self":[{"href":"https:\/\/agence31-architecte.fr\/index.php?rest_route=\/wp\/v2\/pages\/22","targetHints":{"allow":["GET"]}}],"collection":[{"href":"https:\/\/agence31-architecte.fr\/index.php?rest_route=\/wp\/v2\/pages"}],"about":[{"href":"https:\/\/agence31-architecte.fr\/index.php?rest_route=\/wp\/v2\/types\/page"}],"author":[{"embeddable":true,"href":"https:\/\/agence31-architecte.fr\/index.php?rest_route=\/wp\/v2\/users\/1"}],"replies":[{"embeddable":true,"href":"https:\/\/agence31-architecte.fr\/index.php?rest_route=%2Fwp%2Fv2%2Fcomments&post=22"}],"version-history":[{"count":22,"href":"https:\/\/agence31-architecte.fr\/index.php?rest_route=\/wp\/v2\/pages\/22\/revisions"}],"predecessor-version":[{"id":638,"href":"https:\/\/agence31-architecte.fr\/index.php?rest_route=\/wp\/v2\/pages\/22\/revisions\/638"}],"wp:attachment":[{"href":"https:\/\/agence31-architecte.fr\/index.php?rest_route=%2Fwp%2Fv2%2Fmedia&parent=22"}],"curies":[{"name":"wp","href":"https:\/\/api.w.org\/{rel}","templated":true}]}}